  {"id":83039,"date":"2016-12-08T11:59:27","date_gmt":"2016-12-08T16:59:27","guid":{"rendered":"http:\/\/www.un.org\/pga\/71\/?post_type=tribe_events&#038;p=83039"},"modified":"2017-03-30T18:38:24","modified_gmt":"2017-03-30T22:38:24","slug":"building-sustainable-peace-for-all-synergies-between-the-2030-agenda-for-sustainable-development-and-sustaining-peace","status":"publish","type":"tribe_events","link":"https:\/\/www.un.org\/pga\/71\/event2\/building-sustainable-peace-for-all-synergies-between-the-2030-agenda-for-sustainable-development-and-sustaining-peace\/","title":{"rendered":"Building Sustainable 色库TV for All: Synergies between the 2030 Agenda for Sustainable Development and Sustaining 色库TV"},"content":{"rendered":"<h1 style=\"text-align: justify\"><a href=\"http:\/\/www.un.org\/pga\/71\/wp-content\/uploads\/sites\/40\/2016\/12\/web_banner.jpg\"><img loading=\"lazy\" decoding=\"async\" class=\"alignnone wp-image-85186 size-full\" src=\"http:\/\/www.un.org\/pga\/71\/wp-content\/uploads\/sites\/40\/2016\/12\/web_banner.jpg\" alt=\"sustaining peace\" width=\"2550\" height=\"419\" srcset=\"https:\/\/www.un.org\/pga\/wp-content\/uploads\/sites\/40\/2016\/12\/web_banner.jpg 2550w, https:\/\/www.un.org\/pga\/wp-content\/uploads\/sites\/40\/2016\/12\/web_banner-150x25.jpg 150w, https:\/\/www.un.org\/pga\/wp-content\/uploads\/sites\/40\/2016\/12\/web_banner-300x49.jpg 300w, https:\/\/www.un.org\/pga\/wp-content\/uploads\/sites\/40\/2016\/12\/web_banner-768x126.jpg 768w, https:\/\/www.un.org\/pga\/wp-content\/uploads\/sites\/40\/2016\/12\/web_banner-1024x168.jpg 1024w\" sizes=\"auto, (max-width: 2550px) 100vw, 2550px\" \/><\/a><\/h1>\n<h1 style=\"text-align: justify\"><\/h1>\n<p style=\"text-align: justify\">The 2030 Agenda for Sustainable Development and the concept of Sustaining 色库TV, as outlined in Security Council resolution 2282 (2016) and General Assembly resolution 701262, are complementary and mutually reinforcing. Sustainable development underpins sustainable peace and more peaceful and inclusive societies create an environment conducive to sustainable development. Sustainable peace is both an enabler and an outcome of sustainable development.<\/p>\n<p style=\"text-align: justify\">Both the 2030 Agenda and Sustaining 色库TV seek to advance core principles of the UN Charter and have wide-ranging implications for how Member States, the UN system and other actors advance sustainable development, human rights and collective peace and security in today&#8217;s complex and interconnected world. Moreover, by recognizing that sustainable peace could only be achieved when all segments of society are empowered and included, Member States have ensured that Sustaining 色库TV is in line with the people-centered foundation of the 2030 Agenda.<\/p>\n<p style=\"text-align: justify\">In recognition of the fundamental interlinkages between the 2030 Agenda and Sustaining 色库TV, the President of the General Assembly will convene a high-level dialogue entitled &#8220;Building Sustainable 色库TV for All: Synergies between the 2030 Agenda for Sustainable Development and the Sustaining 色库TV Agenda&#8221; on 24 January 2017 at UN Headquarters in New York, with the participation of the President of the Security Council, the President of the Economic and Social Council, and the Chair of the 色库TVbuilding Commission.<\/p>\n<p style=\"text-align: justify\">\n<div id=\"wc-shortcodes-tab-1\" class=\"wc-shortcodes-tabs wc-shortcodes-item wc-shortcodes-tabs-layout-box\">\n<ul class=\"wcs-tabs-nav wc-shortcodes-clearfix\">\n<li><a href=\"#\" data-index=\"0\" data-id=\"#wc-shortcodes-tab-programme\">Programme<\/a><\/li>\n<li><a href=\"#\" data-index=\"1\" data-id=\"#wc-shortcodes-tab-objectives\">Objectives<\/a><\/li>\n<li><a href=\"#\" data-index=\"2\" data-id=\"#wc-shortcodes-tab-format\">Format<\/a><\/li>\n<li><a href=\"#\" data-index=\"3\" data-id=\"#wc-shortcodes-tab-participation\">Participation<\/a><\/li>\n<li><a href=\"#\" data-index=\"4\" data-id=\"#wc-shortcodes-tab-outcome\">Outcome<\/a><\/li>\n<li><a href=\"#\" data-index=\"5\" data-id=\"#wc-shortcodes-tab-documents\">Documents<\/a><\/li>\n<li><a href=\"#\" data-index=\"6\" data-id=\"#wc-shortcodes-tab-media\">Media<\/a><\/li>\n<\/ul>\n<div class=\"tab-content-wrapper tab-content-hide\">\n<div id=\"wc-shortcodes-tab-programme\" class=\"tab-content wc-shortcodes-content\">\n<h2>PROGRAMME<\/h2>\n<div class=\"wc-shortcodes-row wc-shortcodes-item wc-shortcodes-clearfix\">\n<div class=\"wc-shortcodes-column wc-shortcodes-content wc-shortcodes-one-third wc-shortcodes-column-first \">\n<p>9 &#8211; 10AM\n<\/p><\/div>\n<div class=\"wc-shortcodes-column wc-shortcodes-content wc-shortcodes-one-third wc-shortcodes-column-last \">\n<div class=\"wc-shortcodes-box wc-shortcodes-item wc-shortcodes-content wc-shortcodes-clearfix wc-shortcodes-box-primary \" style=\"text-align:left;\">\n<h3><strong>OPENING <\/strong>[Trusteeship Council Chamber]<\/h3>\n<p><strong><em>H.E. Mr Peter Thomson, <\/em><\/strong>President of the General Assembly<br \/>\n<strong><em>H.E. Mr Ant\u00f3nio Guterres,<\/em><\/strong>\u00a0UN Secretary-General<br \/>\n<strong><em>H.E. Ms Margot Elisabeth Wallstr\u00f6m,<\/em> <\/strong>Minister of Foreign Affairs, Sweden and President of the Security Council<br \/>\n<strong><em>H.E. Mr Frederick Musiiwa Makamure Shava, <\/em><\/strong>President of the Economic and Social Council<br \/>\n<strong>Ms Julienne Lusenge, <\/strong>SOFEPADI\/Fonds pour les femmes congolaises, NGO, Democratic Republic of Congo\n<\/div>\n<\/div>\n<div class=\"wc-shortcodes-column wc-shortcodes-content wc-shortcodes-one-third wc-shortcodes-column-first \">\n10 &#8211; 11AM\n<\/div>\n<div class=\"wc-shortcodes-column wc-shortcodes-content wc-shortcodes-one-third wc-shortcodes-column-last \">\n<div class=\"wc-shortcodes-box wc-shortcodes-item wc-shortcodes-content wc-shortcodes-clearfix wc-shortcodes-box-inverse \" style=\"text-align:left;\">\n<h3><strong>HIGH-LEVEL SEGMENT AND PLENARY DEBATE <\/strong>[Trusteeship Council Chamber]<\/h3>\n<p><strong><em>H.E. Mr Miroslav Laj\u010d\u00e1k, <\/em><\/strong>Minister of Foreign and European Affairs, Slovakia<br \/>\n<em>Video message from\u00a0<strong>H.E.<\/strong><\/em><strong><em> Mr Samura M. W. Kamara, <\/em><\/strong>Minister of Foreign Affairs, Sierra Leone<br \/>\n<strong><em>H.E. Mr Agio Pereira, <\/em><\/strong>Minister of State and of the Presidency of the Council of Ministers, Timor Leste<br \/>\n<strong><em>H.E. Mr Rafael Pardo, <\/em><\/strong>High Counselor for Post-Conflict, Human Rights and Security, Colombia<br \/>\n<em><strong>Mr. Jesus Dureza<\/strong><\/em>, Presidential Adviser for the 色库TV Process of the Republic of the Philippines<br \/>\nMessage from <em><strong>H.M. King Abdullah II ibn Al Hussein of Jorda<\/strong><strong>n<\/strong><\/em> delivered by H.E. Dr. Sima Sami Bahous; Permanent Representative of the Hashemite Kingdom of Jordan<br \/>\n<strong><em>H.E. Mr Valentin Rybakov<\/em><\/strong><em>,<\/em> Deputy Minister of Foreign Affairs, Republic of Belarus<br \/>\n<em><strong>H.E. Mr Yerzhan Ashikbayev<\/strong><\/em>, Deputy Minister of Foreign Affairs, Republic of Kakhstan<br \/>\n<strong><em>H.E. Mr Jean-Marie Le Guen,<\/em><\/strong> Minister of State for Development and Francophonie, France<br \/>\n<strong><em>H.E. Ms Pascale Baeriswyl, <\/em><\/strong>State Secretary for Foreign Affairs, Switzerland<br \/>\n<em><strong>H.E. Ms Tone Sokgen<\/strong><\/em>, State Secretary, Norway<br \/>\n<em><strong>H.E. Ms Sujata Mehta,<\/strong><\/em> Secretary (West) Ministry of External Affairs, India<br \/>\n<strong><em>H.E. Mr Paul Teesalu,<\/em><\/strong>Acting Undersecretary for Political Affairs at the Ministry of Foreign Affairs, Republic of Estonia\n<\/div>\n<\/div>\n<div class=\"wc-shortcodes-column wc-shortcodes-content wc-shortcodes-one-third wc-shortcodes-column-first \">\n11AM &#8211; 1PM\n<\/div>\n<div class=\"wc-shortcodes-column wc-shortcodes-content wc-shortcodes-one-third wc-shortcodes-column-last \">\n<div class=\"wc-shortcodes-box wc-shortcodes-item wc-shortcodes-content wc-shortcodes-clearfix wc-shortcodes-box-primary \" style=\"text-align:left;\">\n<h3><strong>INTERACTIVE PANEL DISCUSSION ON TAKING A COMPREHENSIVE APPROACH TO SUSTAINABLE DEVELOPMENT AND SUSTAINING PEACE <\/strong><strong> [<\/strong>Trusteeship Council Chamber<strong>]<\/strong><\/h3>\n<p><strong>MODERATOR<\/strong><br \/>\n<em><strong>Ms Elizabeth Cousens,<\/strong><\/em> UN Foundation<\/p>\n<p><strong>PANELLISTS<\/strong><br \/>\n<em><strong>H.E. Mr Macharia Kamau,<\/strong><\/em> Chair of the 色库TVbuilding Commission<br \/>\n<em><strong>Mr J\u00e1n Kubi\u0161,<\/strong><\/em> Special Representative of the Secretary General for Iraq<br \/>\n<em><strong>Mr Peter Wallensteen,<\/strong><\/em> Professor of 色库TV and Conflict Research, Uppsala University and University of Notre Dame; Senior Research Fellow, the Dag Hammarskj\u00f6ld Foundation, Uppsala<br \/>\n<em><strong>Ms Joy Onyesoh,<\/strong><\/em> Women&#8217;s International League for 色库TV and Freedom (WILPF), NGO, Nigeria<br \/>\n<em><strong>H.E. Mr Juan Jos\u00e9 G\u00f3mez Camacho<\/strong><\/em>, Permanent Representative of Mexico and Chair of the Group of Friends of Sustaining 色库TV\n<\/div>\n<\/div>\n<div class=\"wc-shortcodes-column wc-shortcodes-content wc-shortcodes-one-third wc-shortcodes-column-first \">\n1 &#8211; 2PM\n<\/div>\n<div class=\"wc-shortcodes-column wc-shortcodes-content wc-shortcodes-one-third wc-shortcodes-column-last \">\n<div class=\"wc-shortcodes-box wc-shortcodes-item wc-shortcodes-content wc-shortcodes-clearfix wc-shortcodes-box-secondary \" style=\"text-align:left;\">\n<h3><strong>LUNCH BREAK<\/strong><\/h3>\n<p><em>\u00a0<\/em><\/div>\n<\/div>\n<div class=\"wc-shortcodes-column wc-shortcodes-content wc-shortcodes-one-third wc-shortcodes-column-first \">\n2 &#8211; 5:15PM\n<\/div>\n<div class=\"wc-shortcodes-column wc-shortcodes-content wc-shortcodes-one-third wc-shortcodes-column-last \">\n<div class=\"wc-shortcodes-box wc-shortcodes-item wc-shortcodes-content wc-shortcodes-clearfix wc-shortcodes-box-inverse \" style=\"text-align:left;\">\n<h3><strong>PLENARY DEBATE\u00a0<\/strong>[Trusteeship Council Chamber]<\/h3>\n<p><em>\u00a0<\/em><\/div>\n<\/div>\n<div class=\"wc-shortcodes-column wc-shortcodes-content wc-shortcodes-one-third wc-shortcodes-column-first \">\n3 &#8211; 5:15PM\n<\/div>\n<div class=\"wc-shortcodes-column wc-shortcodes-content wc-shortcodes-one-third wc-shortcodes-column-last \">\n<div class=\"wc-shortcodes-box wc-shortcodes-item wc-shortcodes-content wc-shortcodes-clearfix wc-shortcodes-box-secondary \" style=\"text-align:left;\">\n<h3><strong>WORKSHOP I\u00a0<\/strong>[Conference Room 1]:\u00a0<strong>Empowering women and youth for peace and sustainable development<\/strong><\/h3>\n<div class=\"wc-shortcodes-accordion wc-shortcodes-item wc-shortcodes-accordion-default wc-shortcodes-accordion-layout-box\" data-behavior=\"autoclose\" data-start-state=\"default\">\n<div class=\"wc-shortcodes-accordion-trigger \"><a href=\"#\">3-3:10PM: Opening<\/a><\/div>\n<div class=\"wc-shortcodes-accordion-content-wrapper\">\n<div class=\"wc-shortcodes-accordion-content wc-shortcodes-content\">\n<strong>CHAIR<\/strong><br \/>\n<em><strong>Mr. Yannick Glemarec,<\/strong><\/em> Assistant Secretary-General\u00a0 and Deputy Executive Director, Policy and Programme Bureau, UN Women<\/p>\n<p><strong>MODERATOR<\/strong><br \/>\n<em><strong>Mr Graeme Simpson<\/strong>, Director of Inter色库TV USA\u00a0<\/em>\n<\/div>\n<\/div>\n<div class=\"wc-shortcodes-accordion-trigger \"><a href=\"#\">3:10 &#8211; 3:30PM: Introduction and overview of themes<\/a><\/div>\n<div class=\"wc-shortcodes-accordion-content-wrapper\">\n<div class=\"wc-shortcodes-accordion-content wc-shortcodes-content\">\n<ol>\n<li><strong>INTRODUCTION OF PANELISTS AND OF THE WORKSHOP FORMAT BY MODERATOR<\/strong><\/li>\n<li><strong>OVERVIEW OF THEMES BY 4 PANELISTS BASED ON CONCEPT NOTE QUESTIONS\u00a0<\/strong>(3 minutes each)<\/li>\n<\/ol>\n<p><strong>PANELLISTS<\/strong><br \/>\n<strong><em>Ms Visaka Dharmadasa, <\/em><\/strong>Sri Lanka,\u00a0Chair, Association of War Affected Women<br \/>\n<em><strong>Ms Hajer Sharief,<\/strong><\/em> Libya, Youth Advocate and member of the UN Advisory Group for the Progress Study on UNSCR 2250 on Youth, 色库TV and Security<br \/>\n<em><strong>Mr Henk-Jan Brinkman<\/strong><\/em>, 色库TV Building Support Office, UN Secretariat<br \/>\n<em><strong>Dr. Punam Yadav<\/strong><\/em>, Centre for Women, 色库TV and Security, London School of Economics<\/div>\n<\/div>\n<div class=\"wc-shortcodes-accordion-trigger \"><a href=\"#\">3:30 &#8211; 5:05PM: Interactive discussion<\/a><\/div>\n<div class=\"wc-shortcodes-accordion-content-wrapper\">\n<div class=\"wc-shortcodes-accordion-content wc-shortcodes-content\">\n<strong>3.30 &#8211; 4.10PM:\u00a0<\/strong><strong>INTERACTIVE DISCUSSION WITH THE AUDIENCE<\/strong><br \/>\n<strong>DISCUSSION LEADERS FROM THE FLOOR<\/strong><br \/>\n<em><strong>Ms Gwendolyn Myers<\/strong><\/em>, Liberia, founder and Executive Director of the non-profit Messengers of 色库TV (MOP)<br \/>\n<em><strong>Ms Saba Ismail<\/strong><\/em>, Pakistan, Executive Director and Co-founder of \u201cAware Girls\u201d<br \/>\n<em><strong>Mr Cedric de Coning<\/strong><\/em>, South Africa, Senior Research Fellow, NUPI and ACCORD<br \/>\n<em><strong>H.E. Ms Pascale Baeriswyl<\/strong><\/em>, State Secretary of Switzerland<\/p>\n<p><strong>4.10 &#8211; 4.25PM:\u00a0<\/strong><strong>PANELISTS ADDRESS NEW QUESTIONS ON THE THEME, TO BE POSED BY THE MODERATOR<\/strong><strong> (3 minutes each)<\/strong><br \/>\n<strong>4.25 &#8211; 5:05PM:\u00a0<\/strong><strong>2<sup>ND<\/sup> ROUND INTERACTIVE DISCUSSION WITH THE AUDIENCE<\/strong>\n<\/div>\n<\/div>\n<div class=\"wc-shortcodes-accordion-trigger \"><a href=\"#\">5:05 &#8211; 5:15PM: Closing \u2013 Wrap up<\/a><\/div>\n<div class=\"wc-shortcodes-accordion-content-wrapper\">\n<div class=\"wc-shortcodes-accordion-content wc-shortcodes-content\">\n<p>Chair&#8217;s remarks to close the workshop <\/p><\/div>\n<\/div>\n<\/div>\n<\/div>\n<\/div>\n<div class=\"wc-shortcodes-column wc-shortcodes-content wc-shortcodes-one-third wc-shortcodes-column-first \">\n3 &#8211; 5:15PM\n<\/div>\n<div class=\"wc-shortcodes-column wc-shortcodes-content wc-shortcodes-one-third wc-shortcodes-column-last \">\n<div class=\"wc-shortcodes-box wc-shortcodes-item wc-shortcodes-content wc-shortcodes-clearfix wc-shortcodes-box-secondary \" style=\"text-align:left;\">\n<h3><strong>WORKSHOP II\u00a0<\/strong>[Conference Room 11]:\u00a0<strong>Managing Natural Resources for 色库TV and Sustainable Development<\/strong><\/h3>\n<div class=\"wc-shortcodes-accordion wc-shortcodes-item wc-shortcodes-accordion-default wc-shortcodes-accordion-layout-box\" data-behavior=\"autoclose\" data-start-state=\"default\">\n<div class=\"wc-shortcodes-accordion-trigger \"><a href=\"#\">3-3:20PM: Opening<\/a><\/div>\n<div class=\"wc-shortcodes-accordion-content-wrapper\">\n<div class=\"wc-shortcodes-accordion-content wc-shortcodes-content\">\n<strong>INTRODUCTION AND PRESENTATION OF THE STATE OF PLAY ON THE SUBJECT, INTRODUCTION OF PANELISTS<\/strong><\/p>\n<p><strong>MODERATOR<\/strong><br \/>\n<em><strong>Mr Manish Bapna<\/strong>, World Resources Institute<\/em>\n<\/div>\n<\/div>\n<div class=\"wc-shortcodes-accordion-trigger \"><a href=\"#\">3:20 &#8211; 4PM: PANEL DISCUSSION &#8211; Land degradation<\/a><\/div>\n<div class=\"wc-shortcodes-accordion-content-wrapper\">\n<div class=\"wc-shortcodes-accordion-content wc-shortcodes-content\">\n<p><strong>PANELLIST<\/strong><br \/>\n<em><strong>Ms Adriana Dinu,<\/strong><\/em> Executive Coordinator, UNDP Global Environmental Finance<\/p>\n<p><b>DISCUSSION<\/b><strong>\u00a0LEADERS FROM THE FLOOR<\/strong><br \/>\n<em><strong>H.E. Mr Abdallah Wafy,<\/strong><\/em> Permanent Representative of Niger (Regreeening Africa initiative)<br \/>\n<em><strong>H.E. Mr Macharia Kamau<\/strong><\/em>, Permanent Representative of Kenya (tbc)<br \/>\n<em>Discussion including contributions from Civil Society <\/em>\n<\/div>\n<\/div>\n<div class=\"wc-shortcodes-accordion-trigger \"><a href=\"#\">4 &#8211; 4:40PM: PANEL DISCUSSION &#8211; Water Resources<\/a><\/div>\n<div class=\"wc-shortcodes-accordion-content-wrapper\">\n<div class=\"wc-shortcodes-accordion-content wc-shortcodes-content\">\n<strong>PANELLIST<\/strong><br \/>\n<em><strong>Mr Pasquale Steduto<\/strong><\/em>, Regional Strategic Programmes Coordinator for the Near East and North Africa, FAO<\/p>\n<p><b>DISCUSSION<\/b><strong>\u00a0LEADERS FROM THE FLOOR<\/strong><br \/>\n<em><strong>H.E. Mr Yerzhan Ashikbayev<\/strong><\/em>, Deputy Minister of Foreign Affairs, Republic of Kazakhstan (tbc)<br \/>\n<em><strong>Mr \u00c1d\u00e1m Zolt\u00e1n Kov\u00e1cs<\/strong><\/em>, Deputy Secretary of State for International Cooperation, Ministry of Foreign Affairs and Trade of Hungary<br \/>\n<em><strong>H.E. Ms. Ina H. Krisnamurthi,<\/strong><\/em> Deputy Permanent Representative of Indonesia<br \/>\n<em>Discussion including contributions from Civil Society<\/em>\n<\/div>\n<\/div>\n<div class=\"wc-shortcodes-accordion-trigger \"><a href=\"#\">4:40 &#8211; 5:10PM: PANEL DISCUSSION -Extractive industries<\/a><\/div>\n<div class=\"wc-shortcodes-accordion-content-wrapper\">\n<div class=\"wc-shortcodes-accordion-content wc-shortcodes-content\">\n<strong>PANELLIST<\/strong><br \/>\n<em><strong>Mr Elliott Harris,<\/strong><\/em> Assistant Secretary General and head of New York office, UNEP<\/p>\n<p><b>DISCUSSION<\/b><strong>\u00a0LEADERS FROM THE FLOOR<\/strong><br \/>\n<em><strong>H.E. Ms Maria Helena Lopes de Jesus Pires<\/strong><\/em>, Permanent Representative of Timor Leste<br \/>\n<em><strong>H.E. Mr Charles Thembani Ntwaagae<\/strong><\/em>, Permanent Representative of Botswana<br \/>\n<em><strong>Ms Karla Basselier,<\/strong><\/em> Head of Public Affairs, Antwerp World Diamond Centre<br \/>\n<em>Discussion including contributions from Civil Society<\/em>\n<\/div>\n<\/div>\n<div class=\"wc-shortcodes-accordion-trigger \"><a href=\"#\">5:10 &#8211; 5:15PM: Closing \u2013 Wrap up<\/a><\/div>\n<div class=\"wc-shortcodes-accordion-content-wrapper\">\n<div class=\"wc-shortcodes-accordion-content wc-shortcodes-content\">\nChair&#8217;s remarks to close the workshop <\/div>\n<\/div>\n<\/div>\n<\/div>\n<\/div>\n<div class=\"wc-shortcodes-column wc-shortcodes-content wc-shortcodes-one-third wc-shortcodes-column-first \">\n3 &#8211; 5:15PM\n<\/div>\n<div class=\"wc-shortcodes-column wc-shortcodes-content wc-shortcodes-one-third wc-shortcodes-column-last \">\n<div class=\"wc-shortcodes-box wc-shortcodes-item wc-shortcodes-content wc-shortcodes-clearfix wc-shortcodes-box-secondary \" style=\"text-align:left;\">\n<h3><strong>WORKSHOP III\u00a0<\/strong>[Conference Room 12]:\u00a0<strong>Strengthening transparent, inclusive, and accountable institutions<\/strong><\/h3>\n<div class=\"wc-shortcodes-accordion wc-shortcodes-item wc-shortcodes-accordion-default wc-shortcodes-accordion-layout-box\" data-behavior=\"autoclose\" data-start-state=\"default\">\n<div class=\"wc-shortcodes-accordion-trigger \"><a href=\"#\">3-3:10PM: Opening<\/a><\/div>\n<div class=\"wc-shortcodes-accordion-content-wrapper\">\n<div class=\"wc-shortcodes-accordion-content wc-shortcodes-content\">\n<strong>INTRODUCTION AND PRESENTATION OF THE STATE OF PLAY ON THE SUBJECT, INTRODUCTION OF PANELISTS<\/strong><\/p>\n<p><strong>MODERATOR<\/strong><br \/>\n<em><strong>Mr Youssef Mahmoud, <\/strong><\/em>International 色库TV Institute\n<\/div>\n<\/div>\n<div class=\"wc-shortcodes-accordion-trigger \"><a href=\"#\">3:10 &#8211; 3:40PM: MEMBER STATES PANEL &#8211; best practices and experiences<\/a><\/div>\n<div class=\"wc-shortcodes-accordion-content-wrapper\">\n<div class=\"wc-shortcodes-accordion-content wc-shortcodes-content\">\n<strong>PANELLISTS FROM MEMBER STATES TO DISCUSS BEST PRACTICES AND EXPERIENCES<\/strong><br \/>\n<em><strong>H.E. Ms Tone Skogen<\/strong><\/em>, State Secretary for Foreign Affairs of Norway<br \/>\n<em><strong>H.E. Mr Jorge Skinner-Kl\u00e9e,<\/strong><\/em> Permanent Representative of\u00a0 Guatemala to the United Nations<br \/>\n<em><strong>H.E. Mr Mohamed Khaled Khiar<\/strong><\/em>, Permanent Representative of Tunisia to the United Nations<br \/>\n<strong>Mr Fran\u00e7ois Gave<\/strong>, Mission of France Open Government Partnership, OGP\n<\/div>\n<\/div>\n<div class=\"wc-shortcodes-accordion-trigger \"><a href=\"#\">3.40 &#8211; 3:55PM: PANEL DISCUSSION &#8211; UN Discussants<\/a><\/div>\n<div class=\"wc-shortcodes-accordion-content-wrapper\">\n<div class=\"wc-shortcodes-accordion-content wc-shortcodes-content\">\n<strong>DISCUSSANTS FROM THE UN<\/strong><br \/>\n<em><strong>Mr Magdy Mart\u00ednez-Solim\u00e1n, <\/strong><\/em>Assistant Secretary General, Assistant Administrator and Director Bureau for Policy and Programme Support, UNDP<br \/>\n<em><strong>Ms Marta Santos\u00a0Pais<\/strong><\/em>, Special Representative of the United Nations Secretary-General on Violence against Children\n<\/div>\n<\/div>\n<div class=\"wc-shortcodes-accordion-trigger \"><a href=\"#\">3:55 &#8211; 4:15PM: PANEL DISCUSSION: Participation from Civil Society from the floor<\/a><\/div>\n<div class=\"wc-shortcodes-accordion-content-wrapper\">\n<div class=\"wc-shortcodes-accordion-content wc-shortcodes-content\">\n<strong>CIVIL SOCIETY<\/strong><br \/>\n<em><strong>Mr John Romano<\/strong><\/em>, Transparency, Accountability &amp; Participation (TAP) Network<br \/>\n<em><strong>Ms Judit Aren<\/strong><strong>as<\/strong><\/em>, Director of External Relations and Deputy Permanent Observer to the United Nations of the International Development Law Organization (IDLO)<br \/>\n<em><strong>Mr David Steven<\/strong><\/em>, Senior Fellow of Center on International Cooperation, NYU (CIC)<br \/>\n<em><strong>Mr Filiep Decorte<\/strong><\/em>, Land and Conflict Coalition\n<\/div>\n<\/div>\n<div class=\"wc-shortcodes-accordion-trigger \"><a href=\"#\">4:15 &#8211; 5:00PM: Other interventions<\/a><\/div>\n<div class=\"wc-shortcodes-accordion-content-wrapper\">\n<div class=\"wc-shortcodes-accordion-content wc-shortcodes-content\">\nOther participants can ask questions <\/div>\n<\/div>\n<div class=\"wc-shortcodes-accordion-trigger \"><a href=\"#\">5:00 &#8211; 5:15PM: Closing \u2013 Wrap up<\/a><\/div>\n<div class=\"wc-shortcodes-accordion-content-wrapper\">\n<div class=\"wc-shortcodes-accordion-content wc-shortcodes-content\">\nChair&#8217;s remarks to close the workshop <\/div>\n<\/div>\n<\/div>\n<\/div>\n<\/div>\n<div class=\"wc-shortcodes-column wc-shortcodes-content wc-shortcodes-one-third wc-shortcodes-column-first \">\n5:30 &#8211; 5:55PM\n<\/div>\n<div class=\"wc-shortcodes-column wc-shortcodes-content wc-shortcodes-one-third wc-shortcodes-column-last \">\n<div class=\"wc-shortcodes-box wc-shortcodes-item wc-shortcodes-content wc-shortcodes-clearfix wc-shortcodes-box-inverse \" style=\"text-align:left;\">\n<h3><strong>BRIEFING BY CHAIRS OF WORKSHOPS ON MAIN POINTS DISCUSSED\u00a0<\/strong>[Trusteeship Council\u00a0Chamber]<\/h3>\n<p><em>Interactive discussion on key issues arising from the workshops<\/em><\/p>\n<p><strong>CHAIR<\/strong><br \/>\n<em><strong>Ms Sarah Cliffe,<\/strong><\/em> Director, Center for International Cooperation, NYU<\/p>\n<p><em><strong>Mr Graeme Simpson<\/strong><\/em>, Director of Inter色库TV USA<br \/>\n<em><strong>Mr Manish Bapna<\/strong><\/em>, World Resources Institute<br \/>\n<strong>Mr Youssef Mahmoud<\/strong>, International 色库TV Institute\n<\/div>\n<\/div>\n<div class=\"wc-shortcodes-column wc-shortcodes-content wc-shortcodes-one-third wc-shortcodes-column-first \">\n5:55 &#8211; 6PM\n<\/div>\n<div class=\"wc-shortcodes-column wc-shortcodes-content wc-shortcodes-one-third wc-shortcodes-column-last \">\n<div class=\"wc-shortcodes-box wc-shortcodes-item wc-shortcodes-content wc-shortcodes-clearfix wc-shortcodes-box-primary \" style=\"text-align:left;\">\n<h3><strong>\u00a0CLOSING REMARKS\u00a0<\/strong>[Trusteeship Council Chamber]<\/h3>\n<p><em><strong>H.E. Mr Macharia Kamau<\/strong><\/em>, Chair of the 色库TVbuilding Commission<br \/>\n<em><strong>H.E. Mr Peter Thomson,<\/strong><\/em> President of the General Assembly\n<\/div>\n<\/div>\n<div class=\"wc-shortcodes-column wc-shortcodes-content wc-shortcodes-one-third wc-shortcodes-column-first \">\nafter 6PM\n<\/div>\n<div class=\"wc-shortcodes-column wc-shortcodes-content wc-shortcodes-one-third wc-shortcodes-column-last \">\n<div class=\"wc-shortcodes-box wc-shortcodes-item wc-shortcodes-content wc-shortcodes-clearfix wc-shortcodes-box-inverse \" style=\"text-align:left;\">\n<h3><strong>EVENING RECEPTION<\/strong><\/h3>\n<p><strong>Hosted by the Permanent Representative of the Republic of Korea, incoming Chair of the 色库TVbuilding Commission (invitations to issue)<\/strong>\n<\/div>\n<\/div>\n<\/div>\n<p><a href=\"http:\/\/www.un.org\/pga\/71\/wp-content\/uploads\/sites\/40\/2016\/12\/20170123-Building-Sustainable-色库TV-for-All_draft-programme_for-MS.pdf\">Final programme [23 January 2017]<\/a><\/p>\n<\/div>\n<\/div>\n<div class=\"tab-content-wrapper tab-content-hide\">\n<div id=\"wc-shortcodes-tab-objectives\" class=\"tab-content wc-shortcodes-content\">\n<p>The overarching objective of the event is to discuss the mutually reinforcing linkages between Sustaining 色库TV and the 2030 Agenda, including at country level and ways in which to leverage them optimally in an integrated framework that can assist Member States, United Nations bodies and entities, civil society and other stakeholders to coordinate and enhance their efforts in implementing the SDGs and achieving sustainable peace.<\/p>\n<p>The concrete objectives of the meeting are to:<\/p>\n<ul>\n<li>enhance greater understanding on how Sustaining 色库TV relates to the 2030 Agenda in its entirety by highlighting country examples and good practice;<\/li>\n<li>discuss the linkages between Sustaining 色库TV and the 2030 Agenda across SDG targets, including those related to the promotion of peaceful and inclusive societies, the fostering of responsive, inclusive, participatory and representative decision-making at all levels, the building of effective, transparent and accountable institutions and the tackling of the root causes of conflict;<\/li>\n<li>consider the role that women and youth in particular can play in the effort to implement the 2030 Agenda and to sustain peace;<\/li>\n<\/ul>\n<\/div>\n<\/div>\n<div class=\"tab-content-wrapper tab-content-hide\">\n<div id=\"wc-shortcodes-tab-format\" class=\"tab-content wc-shortcodes-content\">\n<h3>FORMAT<\/h3>\n<p style=\"text-align: justify\">This one-day meeting will consist of an opening segment, a segment with contributions from high-level speakers, an interactive discussion with experts in this area, a plenary debate, three afternoon workshops and a closing segment.<\/p>\n<p style=\"text-align: justify\">In order to focus in on areas of specific relevance to both sustaining peace and sustainable development, three workshops will be held in parallel from 3.00-5.15pm.<\/p>\n<p style=\"text-align: justify\">The\u00a0<a href=\"http:\/\/www.un.org\/pga\/71\/wp-content\/uploads\/sites\/40\/2016\/12\/Workshop-concept-note.pdf\">Workshops<\/a>\u00a0will focus on the following themes:<\/p>\n<ul>\n<li><strong><a href=\"http:\/\/www.un.org\/pga\/71\/wp-content\/uploads\/sites\/40\/2016\/12\/Concept-Note-Workshop-I.pdf\">Workshop I<\/a>:<\/strong>\u00a0E mpowering Women and Youth for 色库TV and Sustainable Development<\/li>\n<li><strong><a href=\"http:\/\/www.un.org\/pga\/71\/wp-content\/uploads\/sites\/40\/2016\/12\/Concept-Note-Workshop-II.pdf\">Workshop II<\/a>:<\/strong> Managing Natural Resources for 色库TV and Sustainable Development<\/li>\n<li><strong><a href=\"http:\/\/www.un.org\/pga\/71\/wp-content\/uploads\/sites\/40\/2016\/12\/Concept-Note-Workshop-III.pdf\">Workshop III<\/a><\/strong>: Strengthening transparent, inclusive and accountable institutions for 色库TV and Sustainable Development<\/li>\n<\/ul>\n<p style=\"text-align: justify\">Each workshop will be held as an interactive panel discussion, with three &#8211; five panelists of known leaders on these themes. They will be chaired by a prominent figure on issues relating to the theme, and a Q&amp;A session will follow interventions from the panelists.<\/p>\n<p style=\"text-align: justify\">The three workshops are organized in partnership with the UN 色库TVbuilding Support Office, UN Women, the World Resources Institute and the International 色库TV Institute.<\/p>\n<\/div>\n<\/div>\n<div class=\"tab-content-wrapper tab-content-hide\">\n<div id=\"wc-shortcodes-tab-participation\" class=\"tab-content wc-shortcodes-content\">\n<h3><strong>PARTICIPATION<\/strong><\/h3>\n<p>Member States will be invited to participate at the level they deem appropriate, taking into account the participants in the opening and the high-level segment. Ambassadors, observers, UN entities, civil society and other stakeholders are also invited with participation from those operating at country level encouraged.<\/p>\n<p style=\"text-align: justify\">The workshops will be open to Member States and accredited civil society representatives. There will be a moderated expert panel as well as an open discussion. UN entities working to advance to sustainable development and peace will also be joining the debate. Participants will have an opportunity to engage from the floor to share their experience or pose questions to the panelists.<\/p>\n<h3><strong>STAKEHOLDER PARTICIPATION<\/strong><\/h3>\n<p style=\"text-align: justify\">UN Non-Governmental Liaison Service (UN-NGLS) is facilitating a process to identify two civil society speakers (one for the opening session and one for the panel discussion), and other civil society attendees wishing to be considered as observers for this event.<\/p>\n<p><strong>Application is closed<\/strong><\/p>\n<p style=\"text-align: justify\">UN-NGLS facilitated a civil society Selection Committee for the evaluation and short-listing of candidates for the speaking roles, to be presented to OPGA for their consideration. The Committee ensured regional and gender balance, and diversity of age and expertise in the overall set of candidates. The President of the General Assembly made the final selection of the speakers for this event.<\/p>\n<p><strong>Application for the Civil Society Selection Committee is closed<\/strong><\/p>\n<h4>DEADLINES<\/h4>\n<p><strong>21 December 2016<\/strong> &#8211; Apply for civil society Selection Committee<br \/>\n<strong>27 December 2016<\/strong> &#8211; Apply for civil society speaking roles<br \/>\n<strong>17 January 2017<\/strong> &#8211; Apply to attend the event as an observer<\/p>\n<p><a href=\"http:\/\/bit.ly\/24Jan-UN-PGA-色库TVForAll-Apps-Received\">All applications received to speak at the event, or attend as an observer can be viewed here<\/a><\/p>\n<\/div>\n<\/div>\n<div class=\"tab-content-wrapper tab-content-hide\">\n<div id=\"wc-shortcodes-tab-outcome\" class=\"tab-content wc-shortcodes-content\">\n<p style=\"text-align: justify\">A summary of discussions in each Workshop will be presented by the workshop chairs in the plenary at 5.30PM. These summaries will feed into the overall summary of the High Level Dialogue as a whole and towards preparations for the High-Level meeting on &#8220;色库TVbuilding and Sustaining 色库TV&#8221;, which will be convened during the 72nd session of the GA.<\/p>\n<\/div>\n<\/div>\n<div class=\"tab-content-wrapper tab-content-hide\">\n<div id=\"wc-shortcodes-tab-documents\" class=\"tab-content wc-shortcodes-content\">\n<h3>LETTERS TO MEMBER STATES<\/h3>\n<h4>29 March 2017<\/h4>\n<p><a href=\"http:\/\/www.un.org\/pga\/71\/wp-content\/uploads\/sites\/40\/2015\/08\/Summary-of-the-High-level-Dialogue-on-Building-Sustainable-色库TV-for-All.pdf\">Outcome summary<\/a><\/p>\n<h4>22 January\u00a02017<\/h4>\n<p><a href=\"http:\/\/www.un.org\/pga\/71\/wp-content\/uploads\/sites\/40\/2016\/12\/High-Level-Dialogue-on-Building-Sustainable-色库TV-for-All_Synergies-between-the-2030-Agenda-for-Sustainable-Development-and-Sustaining-色库TV.pdf\">Final programme<\/a><\/p>\n<h4>10 January\u00a02017<\/h4>\n<p><a href=\"http:\/\/www.un.org\/pga\/71\/wp-content\/uploads\/sites\/40\/2016\/12\/HL-event-Building-Sustainable-色库TV-for-all-Synergies-between-the-2030-Agenda-for-Sustainable-Development-and-Sustaining-色库TV-pogramme-and-workshops-concept-notes.pdf\">Updated programme and concept notes for workshops<\/a><\/p>\n<h4>6 December\u00a02016<\/h4>\n<p><a href=\"http:\/\/www.un.org\/pga\/71\/wp-content\/uploads\/sites\/40\/2016\/12\/Invite-to-Member-states.pdf\">Invite to Member states<\/a><br \/>\n<a href=\"http:\/\/www.un.org\/pga\/71\/wp-content\/uploads\/sites\/40\/2016\/12\/Sustainable-色库TV-and-2030-Agenda_Concept-note_FINAL.pdf\">Concept note and agenda<\/a><\/p>\n<\/div>\n<\/div>\n<div class=\"tab-content-wrapper tab-content-hide\">\n<div id=\"wc-shortcodes-tab-media\" class=\"tab-content wc-shortcodes-content\">\n<p><a href=\"http:\/\/www.un.org\/pga\/71\/2017\/01\/19\/media-advisory-high-level-dialogue-on-building-sustainable-peace-for-all-synergies-between-the-2030-agenda-for-sustainable-development-and-the-sustaining-peace-agenda\/\">Media Advisory<\/a><\/p>\n<p><a href=\"http:\/\/www.un.org\/pga\/71\/2017\/01\/23\/media-advisory-media-stakeout-following-high-level-segment-of-dialogue-on-building-sustainable-peace-for-all\/\">Media advisory for media stakeout<\/a><\/p>\n<p><a href=\"http:\/\/www.un.org\/pga\/71\/2017\/01\/20\/building-sustainable-peace-for-all\/\">Op-Ed on Building Sustainable 色库TV for All<\/a><\/p>\n<\/div>\n<\/div>\n<p style=\"text-align: justify\"><\/div><\/p>\n","protected":false},"excerpt":{"rendered":"<p>The 2030 Agenda for Sustainable Development and the concept of Sustaining 色库TV, as outlined in Security Council resolution 2282 (2016) and General Assembly resolution 701262, are complementary and mutually reinforcing. [&hellip;]<\/p>\n","protected":false},"author":202,"featured_media":0,"template":"","meta":{"_tribe_events_status":"","_tribe_events_status_reason":"","footnotes":"","_links_to":"","_links_to_target":""},"tags":[3732,4535,4539,4371],"tribe_events_cat":[4746,3136],"class_list":["post-83039","tribe_events","type-tribe_events","status-publish","hentry","tag-in-focus","tag-pga-event","tag-sustainable-peace","tag-sustaining-peace","tribe_events_cat-in-focus","tribe_events_cat-pga-events","cat_in-focus","cat_pga-events"],"yoast_head":"<!-- This site is optimized with the Yoast SEO plugin v28.3 - https:\/\/yoast.com\/product\/yoast-seo-wordpress\/ -->\n<title>Building Sustainable 色库TV for All: Synergies between the 2030 Agenda for Sustainable Development and Sustaining 色库TV<\/title>\n<meta name=\"description\" content=\"Informal dialogue on&quot;Building Sustainable 色库TV for All: Synergies between the 2030 Agenda for Sustainable Development and the Sustaining 色库TV Agenda&quot;\" \/>\n<meta name=\"robots\" content=\"index, follow, max-snippet:-1, max-image-preview:large, max-video-preview:-1\" \/>\n<link rel=\"canonical\" href=\"https:\/\/www.un.org\/pga\/71\/event-latest\/building-sustainable-peace-for-all-synergies-between-the-2030-agenda-for-sustainable-development-and-sustaining-peace\/\" \/>\n<meta property=\"og:locale\" content=\"en_US\" \/>\n<meta property=\"og:type\" content=\"article\" \/>\n<meta property=\"og:title\" content=\"Building Sustainable 色库TV for All: Synergies between the 2030 Agenda for Sustainable Development and Sustaining 色库TV\" \/>\n<meta property=\"og:description\" content=\"Informal dialogue on&quot;Building Sustainable 色库TV for All: Synergies between the 2030 Agenda for Sustainable Development and the Sustaining 色库TV Agenda&quot;\" \/>\n<meta property=\"og:url\" content=\"https:\/\/www.un.org\/pga\/71\/event-latest\/building-sustainable-peace-for-all-synergies-between-the-2030-agenda-for-sustainable-development-and-sustaining-peace\/\" \/>\n<meta property=\"og:site_name\" content=\"General Assembly of the United Nations\" \/>\n<meta property=\"article:modified_time\" content=\"2017-03-30T22:38:24+00:00\" \/>\n<meta property=\"og:image\" content=\"https:\/\/www.un.org\/pga\/wp-content\/uploads\/sites\/40\/2016\/12\/web_banner.jpg\" \/>\n\t<meta property=\"og:image:width\" content=\"2550\" \/>\n\t<meta property=\"og:image:height\" content=\"419\" \/>\n\t<meta property=\"og:image:type\" content=\"image\/jpeg\" \/>\n<meta name=\"twitter:card\" content=\"summary_large_image\" \/>\n<meta name=\"twitter:label1\" content=\"Est. reading time\" \/>\n\t<meta name=\"twitter:data1\" content=\"13 minutes\" \/>\n<script type=\"application\/ld+json\" class=\"yoast-schema-graph\">{\"@context\":\"https:\\\/\\\/schema.org\",\"@graph\":[{\"@type\":\"WebPage\",\"@id\":\"https:\\\/\\\/www.un.org\\\/pga\\\/71\\\/event-latest\\\/building-sustainable-peace-for-all-synergies-between-the-2030-agenda-for-sustainable-development-and-sustaining-peace\\\/\",\"url\":\"https:\\\/\\\/www.un.org\\\/pga\\\/71\\\/event-latest\\\/building-sustainable-peace-for-all-synergies-between-the-2030-agenda-for-sustainable-development-and-sustaining-peace\\\/\",\"name\":\"Building Sustainable 色库TV for All: Synergies between the 2030 Agenda for Sustainable Development and Sustaining 色库TV\",\"isPartOf\":{\"@id\":\"https:\\\/\\\/www.un.org\\\/pga\\\/71\\\/#website\"},\"primaryImageOfPage\":{\"@id\":\"https:\\\/\\\/www.un.org\\\/pga\\\/71\\\/event-latest\\\/building-sustainable-peace-for-all-synergies-between-the-2030-agenda-for-sustainable-development-and-sustaining-peace\\\/#primaryimage\"},\"image\":{\"@id\":\"https:\\\/\\\/www.un.org\\\/pga\\\/71\\\/event-latest\\\/building-sustainable-peace-for-all-synergies-between-the-2030-agenda-for-sustainable-development-and-sustaining-peace\\\/#primaryimage\"},\"thumbnailUrl\":\"http:\\\/\\\/www.un.org\\\/pga\\\/71\\\/wp-content\\\/uploads\\\/sites\\\/40\\\/2016\\\/12\\\/web_banner.jpg\",\"datePublished\":\"2016-12-08T16:59:27+00:00\",\"dateModified\":\"2017-03-30T22:38:24+00:00\",\"description\":\"Informal dialogue on\\\"Building Sustainable 色库TV for All: Synergies between the 2030 Agenda for Sustainable Development and the Sustaining 色库TV Agenda\\\"\",\"breadcrumb\":{\"@id\":\"https:\\\/\\\/www.un.org\\\/pga\\\/71\\\/event-latest\\\/building-sustainable-peace-for-all-synergies-between-the-2030-agenda-for-sustainable-development-and-sustaining-peace\\\/#breadcrumb\"},\"inLanguage\":\"en-US\",\"potentialAction\":[{\"@type\":\"ReadAction\",\"target\":[\"https:\\\/\\\/www.un.org\\\/pga\\\/71\\\/event-latest\\\/building-sustainable-peace-for-all-synergies-between-the-2030-agenda-for-sustainable-development-and-sustaining-peace\\\/\"]}]},{\"@type\":\"ImageObject\",\"inLanguage\":\"en-US\",\"@id\":\"https:\\\/\\\/www.un.org\\\/pga\\\/71\\\/event-latest\\\/building-sustainable-peace-for-all-synergies-between-the-2030-agenda-for-sustainable-development-and-sustaining-peace\\\/#primaryimage\",\"url\":\"http:\\\/\\\/www.un.org\\\/pga\\\/71\\\/wp-content\\\/uploads\\\/sites\\\/40\\\/2016\\\/12\\\/web_banner.jpg\",\"contentUrl\":\"http:\\\/\\\/www.un.org\\\/pga\\\/71\\\/wp-content\\\/uploads\\\/sites\\\/40\\\/2016\\\/12\\\/web_banner.jpg\"},{\"@type\":\"BreadcrumbList\",\"@id\":\"https:\\\/\\\/www.un.org\\\/pga\\\/71\\\/event-latest\\\/building-sustainable-peace-for-all-synergies-between-the-2030-agenda-for-sustainable-development-and-sustaining-peace\\\/#breadcrumb\",\"itemListElement\":[{\"@type\":\"ListItem\",\"position\":1,\"name\":\"Home\",\"item\":\"https:\\\/\\\/www.un.org\\\/pga\\\/71\\\/\"},{\"@type\":\"ListItem\",\"position\":2,\"name\":\"Events\",\"item\":\"https:\\\/\\\/www.un.org\\\/pga\\\/71\\\/events-latest\\\/\"},{\"@type\":\"ListItem\",\"position\":3,\"name\":\"Building Sustainable 色库TV for All: Synergies between the 2030 Agenda for Sustainable Development and Sustaining 色库TV\"}]},{\"@type\":\"WebSite\",\"@id\":\"https:\\\/\\\/www.un.org\\\/pga\\\/71\\\/#website\",\"url\":\"https:\\\/\\\/www.un.org\\\/pga\\\/71\\\/\",\"name\":\"71st Session General Assembly of the United Nations\",\"description\":\"President of the 71st session\",\"publisher\":{\"@id\":\"https:\\\/\\\/www.un.org\\\/pga\\\/71\\\/#organization\"},\"potentialAction\":[{\"@type\":\"SearchAction\",\"target\":{\"@type\":\"EntryPoint\",\"urlTemplate\":\"https:\\\/\\\/www.un.org\\\/pga\\\/71\\\/?s={search_term_string}\"},\"query-input\":{\"@type\":\"PropertyValueSpecification\",\"valueRequired\":true,\"valueName\":\"search_term_string\"}}],\"inLanguage\":\"en-US\"},{\"@type\":\"Organization\",\"@id\":\"https:\\\/\\\/www.un.org\\\/pga\\\/71\\\/#organization\",\"name\":\"General Assembly of the United Nations\",\"url\":\"https:\\\/\\\/www.un.org\\\/pga\\\/71\\\/\",\"logo\":{\"@type\":\"ImageObject\",\"inLanguage\":\"en-US\",\"@id\":\"https:\\\/\\\/www.un.org\\\/pga\\\/71\\\/#\\\/schema\\\/logo\\\/image\\\/\",\"url\":\"https:\\\/\\\/www.un.org\\\/pga\\\/wp-content\\\/uploads\\\/sites\\\/40\\\/2016\\\/09\\\/pga71logo_without-tagline.jpg\",\"contentUrl\":\"https:\\\/\\\/www.un.org\\\/pga\\\/wp-content\\\/uploads\\\/sites\\\/40\\\/2016\\\/09\\\/pga71logo_without-tagline.jpg\",\"width\":400,\"height\":456,\"caption\":\"General Assembly of the United Nations\"},\"image\":{\"@id\":\"https:\\\/\\\/www.un.org\\\/pga\\\/71\\\/#\\\/schema\\\/logo\\\/image\\\/\"}}]}<\/script>\n<!-- \/ Yoast SEO plugin. -->","yoast_head_json":{"title":"Building Sustainable 色库TV for All: Synergies between the 2030 Agenda for Sustainable Development and Sustaining 色库TV","description":"Informal dialogue on\"Building Sustainable 色库TV for All: Synergies between the 2030 Agenda for Sustainable Development and the Sustaining 色库TV Agenda\"","robots":{"index":"index","follow":"follow","max-snippet":"max-snippet:-1","max-image-preview":"max-image-preview:large","max-video-preview":"max-video-preview:-1"},"canonical":"https:\/\/www.un.org\/pga\/71\/event-latest\/building-sustainable-peace-for-all-synergies-between-the-2030-agenda-for-sustainable-development-and-sustaining-peace\/","og_locale":"en_US","og_type":"article","og_title":"Building Sustainable 色库TV for All: Synergies between the 2030 Agenda for Sustainable Development and Sustaining 色库TV","og_description":"Informal dialogue on\"Building Sustainable 色库TV for All: Synergies between the 2030 Agenda for Sustainable Development and the Sustaining 色库TV Agenda\"","og_url":"https:\/\/www.un.org\/pga\/71\/event-latest\/building-sustainable-peace-for-all-synergies-between-the-2030-agenda-for-sustainable-development-and-sustaining-peace\/","og_site_name":"General Assembly of the United Nations","article_modified_time":"2017-03-30T22:38:24+00:00","og_image":[{"width":2550,"height":419,"url":"https:\/\/www.un.org\/pga\/wp-content\/uploads\/sites\/40\/2016\/12\/web_banner.jpg","type":"image\/jpeg"}],"twitter_card":"summary_large_image","twitter_misc":{"Est. reading time":"13 minutes"},"schema":{"@context":"https:\/\/schema.org","@graph":[{"@type":"WebPage","@id":"https:\/\/www.un.org\/pga\/71\/event-latest\/building-sustainable-peace-for-all-synergies-between-the-2030-agenda-for-sustainable-development-and-sustaining-peace\/","url":"https:\/\/www.un.org\/pga\/71\/event-latest\/building-sustainable-peace-for-all-synergies-between-the-2030-agenda-for-sustainable-development-and-sustaining-peace\/","name":"Building Sustainable 色库TV for All: Synergies between the 2030 Agenda for Sustainable Development and Sustaining 色库TV","isPartOf":{"@id":"https:\/\/www.un.org\/pga\/71\/#website"},"primaryImageOfPage":{"@id":"https:\/\/www.un.org\/pga\/71\/event-latest\/building-sustainable-peace-for-all-synergies-between-the-2030-agenda-for-sustainable-development-and-sustaining-peace\/#primaryimage"},"image":{"@id":"https:\/\/www.un.org\/pga\/71\/event-latest\/building-sustainable-peace-for-all-synergies-between-the-2030-agenda-for-sustainable-development-and-sustaining-peace\/#primaryimage"},"thumbnailUrl":"http:\/\/www.un.org\/pga\/71\/wp-content\/uploads\/sites\/40\/2016\/12\/web_banner.jpg","datePublished":"2016-12-08T16:59:27+00:00","dateModified":"2017-03-30T22:38:24+00:00","description":"Informal dialogue on\"Building Sustainable 色库TV for All: Synergies between the 2030 Agenda for Sustainable Development and the Sustaining 色库TV Agenda\"","breadcrumb":{"@id":"https:\/\/www.un.org\/pga\/71\/event-latest\/building-sustainable-peace-for-all-synergies-between-the-2030-agenda-for-sustainable-development-and-sustaining-peace\/#breadcrumb"},"inLanguage":"en-US","potentialAction":[{"@type":"ReadAction","target":["https:\/\/www.un.org\/pga\/71\/event-latest\/building-sustainable-peace-for-all-synergies-between-the-2030-agenda-for-sustainable-development-and-sustaining-peace\/"]}]},{"@type":"ImageObject","inLanguage":"en-US","@id":"https:\/\/www.un.org\/pga\/71\/event-latest\/building-sustainable-peace-for-all-synergies-between-the-2030-agenda-for-sustainable-development-and-sustaining-peace\/#primaryimage","url":"http:\/\/www.un.org\/pga\/71\/wp-content\/uploads\/sites\/40\/2016\/12\/web_banner.jpg","contentUrl":"http:\/\/www.un.org\/pga\/71\/wp-content\/uploads\/sites\/40\/2016\/12\/web_banner.jpg"},{"@type":"BreadcrumbList","@id":"https:\/\/www.un.org\/pga\/71\/event-latest\/building-sustainable-peace-for-all-synergies-between-the-2030-agenda-for-sustainable-development-and-sustaining-peace\/#breadcrumb","itemListElement":[{"@type":"ListItem","position":1,"name":"Home","item":"https:\/\/www.un.org\/pga\/71\/"},{"@type":"ListItem","position":2,"name":"Events","item":"https:\/\/www.un.org\/pga\/71\/events-latest\/"},{"@type":"ListItem","position":3,"name":"Building Sustainable 色库TV for All: Synergies between the 2030 Agenda for Sustainable Development and Sustaining 色库TV"}]},{"@type":"WebSite","@id":"https:\/\/www.un.org\/pga\/71\/#website","url":"https:\/\/www.un.org\/pga\/71\/","name":"71st Session General Assembly of the United Nations","description":"President of the 71st session","publisher":{"@id":"https:\/\/www.un.org\/pga\/71\/#organization"},"potentialAction":[{"@type":"SearchAction","target":{"@type":"EntryPoint","urlTemplate":"https:\/\/www.un.org\/pga\/71\/?s={search_term_string}"},"query-input":{"@type":"PropertyValueSpecification","valueRequired":true,"valueName":"search_term_string"}}],"inLanguage":"en-US"},{"@type":"Organization","@id":"https:\/\/www.un.org\/pga\/71\/#organization","name":"General Assembly of the United Nations","url":"https:\/\/www.un.org\/pga\/71\/","logo":{"@type":"ImageObject","inLanguage":"en-US","@id":"https:\/\/www.un.org\/pga\/71\/#\/schema\/logo\/image\/","url":"https:\/\/www.un.org\/pga\/wp-content\/uploads\/sites\/40\/2016\/09\/pga71logo_without-tagline.jpg","contentUrl":"https:\/\/www.un.org\/pga\/wp-content\/uploads\/sites\/40\/2016\/09\/pga71logo_without-tagline.jpg","width":400,"height":456,"caption":"General Assembly of the United Nations"},"image":{"@id":"https:\/\/www.un.org\/pga\/71\/#\/schema\/logo\/image\/"}}]}},"_links":{"self":[{"href":"https:\/\/www.un.org\/pga\/71\/wp-json\/wp\/v2\/tribe_events\/83039","targetHints":{"allow":["GET"]}}],"collection":[{"href":"https:\/\/www.un.org\/pga\/71\/wp-json\/wp\/v2\/tribe_events"}],"about":[{"href":"https:\/\/www.un.org\/pga\/71\/wp-json\/wp\/v2\/types\/tribe_events"}],"author":[{"embeddable":true,"href":"https:\/\/www.un.org\/pga\/71\/wp-json\/wp\/v2\/users\/202"}],"version-history":[{"count":0,"href":"https:\/\/www.un.org\/pga\/71\/wp-json\/wp\/v2\/tribe_events\/83039\/revisions"}],"wp:attachment":[{"href":"https:\/\/www.un.org\/pga\/71\/wp-json\/wp\/v2\/media?parent=83039"}],"wp:term":[{"taxonomy":"post_tag","embeddable":true,"href":"https:\/\/www.un.org\/pga\/71\/wp-json\/wp\/v2\/tags?post=83039"},{"taxonomy":"tribe_events_cat","embeddable":true,"href":"https:\/\/www.un.org\/pga\/71\/wp-json\/wp\/v2\/tribe_events_cat?post=83039"}],"curies":[{"name":"wp","href":"https:\/\/api.w.org\/{rel}","templated":true}]}}